{"id":11,"date":"2018-10-09T13:55:56","date_gmt":"2018-10-09T11:55:56","guid":{"rendered":"https:\/\/web50.c16.webspace-verkauf.de\/?page_id=11"},"modified":"2022-02-28T17:15:32","modified_gmt":"2022-02-28T16:15:32","slug":"landmetzgerei","status":"publish","type":"page","link":"https:\/\/landmetzgerei-breindl.de\/index.php\/landmetzgerei","title":{"rendered":"Landmetzgerei"},"content":{"rendered":"[vc_row][vc_column width=&#8220;5\/6&#8243; offset=&#8220;vc_col-sm-offset-1&#8243;]<div class=\"ult-spacer spacer-69f0c8ee78fd6\" data-id=\"69f0c8ee78fd6\" data-height=\"150\" data-height-mobile=\"150\" data-height-tab=\"150\" data-height-tab-portrait=\"150\" data-height-mobile-landscape=\"150\" style=\"clear:both;display:block;\"><\/div>[vc_column_text el_class=&#8220;c-headline-h1 text-center text-primary margin-bottom-zero&#8220;]\n<h1>Wurst- und Fleischwaren aus der Region Altm\u00fchltal \u2013 frisch und k\u00f6stlich auf Ihren Tisch<\/h1>\n[\/vc_column_text]<div class=\"ult-spacer spacer-69f0c8ee79007\" data-id=\"69f0c8ee79007\" data-height=\"150\" data-height-mobile=\"50\" data-height-tab=\"150\" data-height-tab-portrait=\"100\" data-height-mobile-landscape=\"50\" style=\"clear:both;display:block;\"><\/div>[\/vc_column][\/vc_row][vc_row][vc_column width=&#8220;5\/12&#8243; offset=&#8220;vc_col-md-offset-1&#8243;][vc_column_text el_class=&#8220;c-headline-h2 text-center margin-bottom-zero&#8220;]\n<h2>Hochwertige, nat\u00fcrliche Lebensmittel aus unserer eigenen Herstellung. Ganz nach dem Motto: f\u00fcr unsere Kunden nur das Beste.<\/h2>\n[\/vc_column_text]<div class=\"ult-spacer spacer-69f0c8ee7902b\" data-id=\"69f0c8ee7902b\" data-height=\"60\" data-height-mobile=\"30\" data-height-tab=\"60\" data-height-tab-portrait=\"45\" data-height-mobile-landscape=\"30\" style=\"clear:both;display:block;\"><\/div>[vc_column_text el_class=&#8220;margin-bottom-zero&#8220;]Nach diesem Grundsatz haben schon die Urgro\u00dfeltern des heutigen Inhabers, Franz und Berta Schmidt, bei der Er\u00f6ffnung Ihrer Flaschenwirtschaft gehandelt. Seither wurde das Familienunternehmen von Generation zu Generation weitergegeben und auch weiterentwickelt. Heute \u2013 in f\u00fcnfter Generation \u2013 hat sich Johannes Breindl auf das konzentriert, was er am besten kann: <strong>die Herstellung hochwertiger Wurstwaren nach \u00fcberlieferten Familienrezepten.<\/strong><br \/>\nDabei verzichten wir \u2013 wie seit eh und je \u2013 auf die Verwendung unn\u00f6tiger Zusatzstoffe. Mit der Ausweitung der Direktvermarktung und dem Umbau zur Landmetzgerei hat sich der Chef des Hauses im Jahr 2013 auf die Herstellung regional-typischer Wurst- und Schinkensorten spezialisiert.[\/vc_column_text]<div class=\"ult-spacer spacer-69f0c8ee7904d\" data-id=\"69f0c8ee7904d\" data-height=\"150\" data-height-mobile=\"50\" data-height-tab=\"150\" data-height-tab-portrait=\"100\" data-height-mobile-landscape=\"50\" style=\"clear:both;display:block;\"><\/div>[\/vc_column][vc_column width=&#8220;1\/3&#8243; offset=&#8220;vc_col-md-offset-1&#8243;][vc_single_image image=&#8220;228&#8243; img_size=&#8220;300&#215;200&#8243; alignment=&#8220;right&#8220; css=&#8220;.vc_custom_1646064686653{margin-right: -50px !important;margin-bottom: 25px !important;}&#8220;][vc_single_image image=&#8220;656&#8243; img_size=&#8220;full&#8220; css=&#8220;.vc_custom_1646064660513{margin-right: 50px !important;margin-bottom: -25px !important;}&#8220;][vc_single_image image=&#8220;664&#8243; img_size=&#8220;full&#8220; css=&#8220;.vc_custom_1646064607905{margin-left: 50px !important;}&#8220;][\/vc_column][\/vc_row][vc_row][vc_column width=&#8220;1\/3&#8243; offset=&#8220;vc_col-md-offset-1&#8243;][vc_images_carousel images=&#8220;676,677,678,679,680&#8243; img_size=&#8220;full&#8220; hide_pagination_control=&#8220;yes&#8220; wrap=&#8220;yes&#8220;][vc_single_image image=&#8220;668&#8243; img_size=&#8220;full&#8220; css=&#8220;.vc_custom_1646064767978{margin-left: 50px !important;}&#8220;][\/vc_column][vc_column width=&#8220;5\/12&#8243; offset=&#8220;vc_col-md-offset-1&#8243;][vc_column_text el_class=&#8220;c-headline-h2 text-center margin-bottom-zero&#8220;]\n<h2>Unsere beliebtesten Wurstspezialit\u00e4ten \u2013 ein kleiner \u00dcberblick:<\/h2>\n[\/vc_column_text]<div class=\"ult-spacer spacer-69f0c8ee7906e\" data-id=\"69f0c8ee7906e\" data-height=\"60\" data-height-mobile=\"30\" data-height-tab=\"60\" data-height-tab-portrait=\"45\" data-height-mobile-landscape=\"30\" style=\"clear:both;display:block;\"><\/div>[vc_column_text el_class=&#8220;margin-bottom-zero&#8220;]Die <strong>ger\u00e4ucherten Bratw\u00fcrste<\/strong>, die es traditionell von September bis April frisch aus dem Rauch in unserer Theke gibt, sind weit und breit bekannt. Die Verarbeitung erfolgt noch wie in der guten alten Zeit, ger\u00e4uchert wird mit duftendem Buchenholz.<\/p>\n<p>Beliebte Klassiker, wie unsere <strong>selbstgemachten Blut- und Leberw\u00fcrste<\/strong>, <strong>Pressack<\/strong> und <strong>frische Bratw\u00fcrste<\/strong>, werden das ganze Jahr \u00fcber mehrmals w\u00f6chentlich nach alten Hausrezepten frisch in unserer Wurstk\u00fcche zubereitet. Auch unser herzhaft <strong>ger\u00e4ucherter Schinken<\/strong> ist selbstverst\u00e4ndlich immer vorr\u00e4tig.<\/p>\n<p>Wer auf Nummer sicher gehen und gerne einen Vorrat unserer Wurst daheim haben m\u00f6chte, dem empfehlen wir den Kauf unserer l\u00e4nger haltbaren <strong>Wurst in Gl\u00e4sern<\/strong>. Hier haben wir insgesamt neun verschiedene Varianten im Angebot. In unserer Frische-Theke findet sich au\u00dferdem stets eine gr\u00f6\u00dfere Auswahl <strong>Aufschnitt-Wurst<\/strong> f\u00fcr jeden Geschmack. Dazu erg\u00e4nzen <strong>k\u00f6stliche Salate<\/strong> und <strong>aromatische K\u00e4sesorten<\/strong> unser Sortiment.[\/vc_column_text]<div class=\"ult-spacer spacer-69f0c8ee7908e\" data-id=\"69f0c8ee7908e\" data-height=\"150\" data-height-mobile=\"50\" data-height-tab=\"150\" data-height-tab-portrait=\"100\" data-height-mobile-landscape=\"50\" style=\"clear:both;display:block;\"><\/div>[\/vc_column][\/vc_row][vc_row][vc_column width=&#8220;5\/12&#8243; offset=&#8220;vc_col-md-offset-1&#8243;][vc_column_text el_class=&#8220;c-headline-h2 text-center margin-bottom-zero&#8220;]\n<h2>Hochwertiges Fleisch aus eigener Schlachtung<\/h2>\n[\/vc_column_text]<div class=\"ult-spacer spacer-69f0c8ee790af\" data-id=\"69f0c8ee790af\" data-height=\"60\" data-height-mobile=\"30\" data-height-tab=\"60\" data-height-tab-portrait=\"45\" data-height-mobile-landscape=\"30\" style=\"clear:both;display:block;\"><\/div>[vc_column_text el_class=&#8220;margin-bottom-zero&#8220;]Hochwertige Fleischst\u00fccke von Schwein und Rind f\u00fcr saftige <strong>Braten, Steaks zum Grillen<\/strong> \u2013 gerne auch fertig gew\u00fcrzt \u2013 und <strong>weitere Spezialit\u00e4ten<\/strong> zum selber Kochen finden Sie in unserer Fleischtheke.<br \/>\nNat\u00fcrlich gibt es Tipps zur richtigen Zubereitung und einer raffinierten W\u00fcrzung gratis obendrauf.<\/p>\n<p>Unsere Schlachttiere stammen aus der unmittelbaren Umgebung. Wir legen gr\u00f6\u00dften Wert auf artgerechte Haltung, kurze Transportwege und den gewissenhaften Umgang mit allen Tieren.[\/vc_column_text]<div class=\"ult-spacer spacer-69f0c8ee790ce\" data-id=\"69f0c8ee790ce\" data-height=\"150\" data-height-mobile=\"50\" data-height-tab=\"150\" data-height-tab-portrait=\"100\" data-height-mobile-landscape=\"50\" style=\"clear:both;display:block;\"><\/div>[\/vc_column][vc_column width=&#8220;1\/3&#8243; offset=&#8220;vc_col-md-offset-1&#8243;][vc_single_image image=&#8220;236&#8243; img_size=&#8220;full&#8220; el_class=&#8220;margin-bottom-zero&#8220;]<div class=\"ult-spacer spacer-69f0c8ee790ec\" data-id=\"69f0c8ee790ec\" data-height=\"60\" data-height-mobile=\"30\" data-height-tab=\"60\" data-height-tab-portrait=\"45\" data-height-mobile-landscape=\"30\" style=\"clear:both;display:block;\"><\/div>[\/vc_column][\/vc_row]\n","protected":false},"excerpt":{"rendered":"<p>[vc_row][vc_column width=&#8220;5\/6&#8243; offset=&#8220;vc_col-sm-offset-1&#8243;][vc_column_text el_class=&#8220;c-headline-h1 text-center text-primary margin-bottom-zero&#8220;] Wurst- und Fleischwaren aus der Region Altm\u00fchltal \u2013 frisch und k\u00f6stlich auf Ihren Tisch [\/vc_column_text][\/vc_column][\/vc_row][vc_row][vc_column width=&#8220;5\/12&#8243; offset=&#8220;vc_col-md-offset-1&#8243;][vc_column_text el_class=&#8220;c-headline-h2 text-center margin-bottom-zero&#8220;] Hochwertige, nat\u00fcrliche Lebensmittel aus unserer eigenen Herstellung. Ganz nach dem Motto: f\u00fcr unsere Kunden nur das Beste. [\/vc_column_text][vc_column_text el_class=&#8220;margin-bottom-zero&#8220;]Nach diesem Grundsatz haben schon die Urgro\u00dfeltern des heutigen Inhabers, Franz und Berta Schmidt, bei der Er\u00f6ffnung Ihrer Flaschenwirtschaft gehandelt. Seither wurde das Familienunternehmen von Generation zu Generation weitergegeben und auch weiterentwickelt. Heute \u2013 in f\u00fcnfter Generation \u2013 hat sich Johannes Breindl auf das konzentriert, was er am besten kann: die Herstellung hochwertiger Wurstwaren nach \u00fcberlieferten Familienrezepten. Dabei verzichten wir \u2013 wie seit eh und je \u2013 auf die Verwendung unn\u00f6tiger Zusatzstoffe. Mit der Ausweitung der Direktvermarktung und dem Umbau zur Landmetzgerei hat sich der Chef des Hauses im Jahr 2013 auf die Herstellung regional-typischer Wurst- und Schinkensorten spezialisiert.[\/vc_column_text][\/vc_column][vc_column width=&#8220;1\/3&#8243; offset=&#8220;vc_col-md-offset-1&#8243;][vc_single_image image=&#8220;228&#8243; img_size=&#8220;300&#215;200&#8243; alignment=&#8220;right&#8220; css=&#8220;.vc_custom_1646064686653{margin-right: -50px !important;margin-bottom: 25px !important;}&#8220;][vc_single_image image=&#8220;656&#8243; img_size=&#8220;full&#8220; css=&#8220;.vc_custom_1646064660513{margin-right: 50px !important;margin-bottom: -25px !important;}&#8220;][vc_single_image image=&#8220;664&#8243; img_size=&#8220;full&#8220; css=&#8220;.vc_custom_1646064607905{margin-left: 50px !important;}&#8220;][\/vc_column][\/vc_row][vc_row][vc_column width=&#8220;1\/3&#8243; offset=&#8220;vc_col-md-offset-1&#8243;][vc_images_carousel images=&#8220;676,677,678,679,680&#8243; img_size=&#8220;full&#8220; hide_pagination_control=&#8220;yes&#8220; wrap=&#8220;yes&#8220;][vc_single_image image=&#8220;668&#8243; img_size=&#8220;full&#8220; css=&#8220;.vc_custom_1646064767978{margin-left: 50px !important;}&#8220;][\/vc_column][vc_column width=&#8220;5\/12&#8243; offset=&#8220;vc_col-md-offset-1&#8243;][vc_column_text el_class=&#8220;c-headline-h2 text-center margin-bottom-zero&#8220;] Unsere beliebtesten Wurstspezialit\u00e4ten \u2013 ein kleiner \u00dcberblick: [\/vc_column_text][vc_column_text el_class=&#8220;margin-bottom-zero&#8220;]Die ger\u00e4ucherten Bratw\u00fcrste, die es traditionell von September bis April frisch aus dem Rauch in unserer Theke gibt, sind weit und breit bekannt. Die Verarbeitung erfolgt noch wie in der guten alten Zeit, ger\u00e4uchert wird mit duftendem Buchenholz. Beliebte Klassiker, wie unsere selbstgemachten Blut- und Leberw\u00fcrste, Pressack und frische Bratw\u00fcrste, werden das ganze Jahr \u00fcber mehrmals w\u00f6chentlich nach alten Hausrezepten frisch in unserer Wurstk\u00fcche zubereitet. Auch unser herzhaft ger\u00e4ucherter Schinken ist selbstverst\u00e4ndlich immer vorr\u00e4tig. Wer auf Nummer sicher gehen und gerne einen Vorrat unserer Wurst daheim haben m\u00f6chte, dem empfehlen wir den Kauf unserer l\u00e4nger haltbaren Wurst in Gl\u00e4sern. Hier haben wir insgesamt neun verschiedene Varianten im Angebot. In unserer Frische-Theke findet sich au\u00dferdem stets eine gr\u00f6\u00dfere Auswahl Aufschnitt-Wurst f\u00fcr jeden Geschmack. Dazu erg\u00e4nzen k\u00f6stliche Salate und aromatische K\u00e4sesorten unser Sortiment.[\/vc_column_text][\/vc_column][\/vc_row][vc_row][vc_column width=&#8220;5\/12&#8243; offset=&#8220;vc_col-md-offset-1&#8243;][vc_column_text el_class=&#8220;c-headline-h2 text-center margin-bottom-zero&#8220;] Hochwertiges Fleisch aus eigener Schlachtung [\/vc_column_text][vc_column_text el_class=&#8220;margin-bottom-zero&#8220;]Hochwertige Fleischst\u00fccke von Schwein und Rind f\u00fcr saftige Braten, Steaks zum Grillen \u2013 gerne auch fertig gew\u00fcrzt \u2013 und weitere Spezialit\u00e4ten zum selber Kochen finden Sie in unserer Fleischtheke. Nat\u00fcrlich gibt es Tipps zur richtigen Zubereitung und einer raffinierten W\u00fcrzung gratis obendrauf. Unsere Schlachttiere stammen aus der unmittelbaren Umgebung. Wir legen gr\u00f6\u00dften Wert auf artgerechte Haltung, kurze Transportwege und den gewissenhaften Umgang mit allen Tieren.[\/vc_column_text][\/vc_column][vc_column width=&#8220;1\/3&#8243; offset=&#8220;vc_col-md-offset-1&#8243;][vc_single_image image=&#8220;236&#8243; img_size=&#8220;full&#8220; el_class=&#8220;margin-bottom-zero&#8220;][\/vc_column][\/vc_row]<\/p>\n","protected":false},"author":1,"featured_media":0,"parent":0,"menu_order":0,"comment_status":"closed","ping_status":"closed","template":"","meta":{"footnotes":""},"yoast_head":"<!-- This site is optimized with the Yoast SEO plugin v22.2 - https:\/\/yoast.com\/wordpress\/plugins\/seo\/ -->\n<title>Landmetzgerei Breindl | Wurst und Fleisch aus der Region<\/title>\n<meta name=\"description\" content=\"Wurst- und Fleischwaren aus der Region Altm\u00fchltal aus unserer eigenen Herstellung \u2013 frisch und k\u00f6stlich auf Ihren Tisch.\" \/>\n<meta name=\"robots\" content=\"index, follow, max-snippet:-1, max-image-preview:large, max-video-preview:-1\" \/>\n<link rel=\"canonical\" href=\"https:\/\/landmetzgerei-breindl.de\/index.php\/landmetzgerei\" \/>\n<meta property=\"og:locale\" content=\"de_DE\" \/>\n<meta property=\"og:type\" content=\"article\" \/>\n<meta property=\"og:title\" content=\"Landmetzgerei Breindl | Wurst und Fleisch aus der Region\" \/>\n<meta property=\"og:description\" content=\"Wurst- und Fleischwaren aus der Region Altm\u00fchltal aus unserer eigenen Herstellung \u2013 frisch und k\u00f6stlich auf Ihren Tisch.\" \/>\n<meta property=\"og:url\" content=\"https:\/\/landmetzgerei-breindl.de\/index.php\/landmetzgerei\" \/>\n<meta property=\"og:site_name\" content=\"Landmetzgerei Breindl\" \/>\n<meta property=\"article:modified_time\" content=\"2022-02-28T16:15:32+00:00\" \/>\n<meta name=\"twitter:card\" content=\"summary_large_image\" \/>\n<meta name=\"twitter:label1\" content=\"Gesch\u00e4tzte Lesezeit\" \/>\n\t<meta name=\"twitter:data1\" content=\"4\u00a0Minuten\" \/>\n<script type=\"application\/ld+json\" class=\"yoast-schema-graph\">{\"@context\":\"https:\/\/schema.org\",\"@graph\":[{\"@type\":\"WebPage\",\"@id\":\"https:\/\/landmetzgerei-breindl.de\/index.php\/landmetzgerei\",\"url\":\"https:\/\/landmetzgerei-breindl.de\/index.php\/landmetzgerei\",\"name\":\"Landmetzgerei Breindl | Wurst und Fleisch aus der Region\",\"isPartOf\":{\"@id\":\"https:\/\/landmetzgerei-breindl.de\/#website\"},\"datePublished\":\"2018-10-09T11:55:56+00:00\",\"dateModified\":\"2022-02-28T16:15:32+00:00\",\"description\":\"Wurst- und Fleischwaren aus der Region Altm\u00fchltal aus unserer eigenen Herstellung \u2013 frisch und k\u00f6stlich auf Ihren Tisch.\",\"breadcrumb\":{\"@id\":\"https:\/\/landmetzgerei-breindl.de\/index.php\/landmetzgerei#breadcrumb\"},\"inLanguage\":\"de\",\"potentialAction\":[{\"@type\":\"ReadAction\",\"target\":[\"https:\/\/landmetzgerei-breindl.de\/index.php\/landmetzgerei\"]}]},{\"@type\":\"BreadcrumbList\",\"@id\":\"https:\/\/landmetzgerei-breindl.de\/index.php\/landmetzgerei#breadcrumb\",\"itemListElement\":[{\"@type\":\"ListItem\",\"position\":1,\"name\":\"Startseite\",\"item\":\"https:\/\/landmetzgerei-breindl.de\/\"},{\"@type\":\"ListItem\",\"position\":2,\"name\":\"Landmetzgerei\"}]},{\"@type\":\"WebSite\",\"@id\":\"https:\/\/landmetzgerei-breindl.de\/#website\",\"url\":\"https:\/\/landmetzgerei-breindl.de\/\",\"name\":\"Landmetzgerei Breindl\",\"description\":\"\",\"publisher\":{\"@id\":\"https:\/\/landmetzgerei-breindl.de\/#organization\"},\"potentialAction\":[{\"@type\":\"SearchAction\",\"target\":{\"@type\":\"EntryPoint\",\"urlTemplate\":\"https:\/\/landmetzgerei-breindl.de\/?s={search_term_string}\"},\"query-input\":\"required name=search_term_string\"}],\"inLanguage\":\"de\"},{\"@type\":\"Organization\",\"@id\":\"https:\/\/landmetzgerei-breindl.de\/#organization\",\"name\":\"Metzgerei Breindl\",\"url\":\"https:\/\/landmetzgerei-breindl.de\/\",\"logo\":{\"@type\":\"ImageObject\",\"inLanguage\":\"de\",\"@id\":\"https:\/\/landmetzgerei-breindl.de\/#\/schema\/logo\/image\/\",\"url\":\"https:\/\/web50.c16.webspace-verkauf.de\/wp-content\/uploads\/2018\/10\/logo.png\",\"contentUrl\":\"https:\/\/web50.c16.webspace-verkauf.de\/wp-content\/uploads\/2018\/10\/logo.png\",\"width\":427,\"height\":293,\"caption\":\"Metzgerei Breindl\"},\"image\":{\"@id\":\"https:\/\/landmetzgerei-breindl.de\/#\/schema\/logo\/image\/\"}}]}<\/script>\n<!-- \/ Yoast SEO plugin. -->","yoast_head_json":{"title":"Landmetzgerei Breindl | Wurst und Fleisch aus der Region","description":"Wurst- und Fleischwaren aus der Region Altm\u00fchltal aus unserer eigenen Herstellung \u2013 frisch und k\u00f6stlich auf Ihren Tisch.","robots":{"index":"index","follow":"follow","max-snippet":"max-snippet:-1","max-image-preview":"max-image-preview:large","max-video-preview":"max-video-preview:-1"},"canonical":"https:\/\/landmetzgerei-breindl.de\/index.php\/landmetzgerei","og_locale":"de_DE","og_type":"article","og_title":"Landmetzgerei Breindl | Wurst und Fleisch aus der Region","og_description":"Wurst- und Fleischwaren aus der Region Altm\u00fchltal aus unserer eigenen Herstellung \u2013 frisch und k\u00f6stlich auf Ihren Tisch.","og_url":"https:\/\/landmetzgerei-breindl.de\/index.php\/landmetzgerei","og_site_name":"Landmetzgerei Breindl","article_modified_time":"2022-02-28T16:15:32+00:00","twitter_card":"summary_large_image","twitter_misc":{"Gesch\u00e4tzte Lesezeit":"4\u00a0Minuten"},"schema":{"@context":"https:\/\/schema.org","@graph":[{"@type":"WebPage","@id":"https:\/\/landmetzgerei-breindl.de\/index.php\/landmetzgerei","url":"https:\/\/landmetzgerei-breindl.de\/index.php\/landmetzgerei","name":"Landmetzgerei Breindl | Wurst und Fleisch aus der Region","isPartOf":{"@id":"https:\/\/landmetzgerei-breindl.de\/#website"},"datePublished":"2018-10-09T11:55:56+00:00","dateModified":"2022-02-28T16:15:32+00:00","description":"Wurst- und Fleischwaren aus der Region Altm\u00fchltal aus unserer eigenen Herstellung \u2013 frisch und k\u00f6stlich auf Ihren Tisch.","breadcrumb":{"@id":"https:\/\/landmetzgerei-breindl.de\/index.php\/landmetzgerei#breadcrumb"},"inLanguage":"de","potentialAction":[{"@type":"ReadAction","target":["https:\/\/landmetzgerei-breindl.de\/index.php\/landmetzgerei"]}]},{"@type":"BreadcrumbList","@id":"https:\/\/landmetzgerei-breindl.de\/index.php\/landmetzgerei#breadcrumb","itemListElement":[{"@type":"ListItem","position":1,"name":"Startseite","item":"https:\/\/landmetzgerei-breindl.de\/"},{"@type":"ListItem","position":2,"name":"Landmetzgerei"}]},{"@type":"WebSite","@id":"https:\/\/landmetzgerei-breindl.de\/#website","url":"https:\/\/landmetzgerei-breindl.de\/","name":"Landmetzgerei Breindl","description":"","publisher":{"@id":"https:\/\/landmetzgerei-breindl.de\/#organization"},"potentialAction":[{"@type":"SearchAction","target":{"@type":"EntryPoint","urlTemplate":"https:\/\/landmetzgerei-breindl.de\/?s={search_term_string}"},"query-input":"required name=search_term_string"}],"inLanguage":"de"},{"@type":"Organization","@id":"https:\/\/landmetzgerei-breindl.de\/#organization","name":"Metzgerei Breindl","url":"https:\/\/landmetzgerei-breindl.de\/","logo":{"@type":"ImageObject","inLanguage":"de","@id":"https:\/\/landmetzgerei-breindl.de\/#\/schema\/logo\/image\/","url":"https:\/\/web50.c16.webspace-verkauf.de\/wp-content\/uploads\/2018\/10\/logo.png","contentUrl":"https:\/\/web50.c16.webspace-verkauf.de\/wp-content\/uploads\/2018\/10\/logo.png","width":427,"height":293,"caption":"Metzgerei Breindl"},"image":{"@id":"https:\/\/landmetzgerei-breindl.de\/#\/schema\/logo\/image\/"}}]}},"_links":{"self":[{"href":"https:\/\/landmetzgerei-breindl.de\/index.php\/wp-json\/wp\/v2\/pages\/11"}],"collection":[{"href":"https:\/\/landmetzgerei-breindl.de\/index.php\/wp-json\/wp\/v2\/pages"}],"about":[{"href":"https:\/\/landmetzgerei-breindl.de\/index.php\/wp-json\/wp\/v2\/types\/page"}],"author":[{"embeddable":true,"href":"https:\/\/landmetzgerei-breindl.de\/index.php\/wp-json\/wp\/v2\/users\/1"}],"replies":[{"embeddable":true,"href":"https:\/\/landmetzgerei-breindl.de\/index.php\/wp-json\/wp\/v2\/comments?post=11"}],"version-history":[{"count":6,"href":"https:\/\/landmetzgerei-breindl.de\/index.php\/wp-json\/wp\/v2\/pages\/11\/revisions"}],"predecessor-version":[{"id":682,"href":"https:\/\/landmetzgerei-breindl.de\/index.php\/wp-json\/wp\/v2\/pages\/11\/revisions\/682"}],"wp:attachment":[{"href":"https:\/\/landmetzgerei-breindl.de\/index.php\/wp-json\/wp\/v2\/media?parent=11"}],"curies":[{"name":"wp","href":"https:\/\/api.w.org\/{rel}","templated":true}]}}